{"id":587,"date":"2025-01-08T17:45:39","date_gmt":"2025-01-08T17:45:39","guid":{"rendered":"https:\/\/www.maderasocampo.net\/?page_id=587"},"modified":"2025-03-21T11:17:06","modified_gmt":"2025-03-21T11:17:06","slug":"politica-de-privacidad-y-proteccion-de-datos","status":"publish","type":"page","link":"https:\/\/www.maderasocampo.net\/index.php\/politica-de-privacidad-y-proteccion-de-datos\/","title":{"rendered":"Pol\u00edtica de privacidad y protecci\u00f3n de datos"},"content":{"rendered":"\t\t<div data-elementor-type=\"wp-page\" data-elementor-id=\"587\" class=\"elementor elementor-587\" data-elementor-post-type=\"page\">\n\t\t\t\t<div class=\"elementor-element elementor-element-e6014f1 e-flex e-con-boxed e-con e-parent\" data-id=\"e6014f1\" data-element_type=\"container\" data-e-type=\"container\">\n\t\t\t\t\t<div class=\"e-con-inner\">\n\t\t\t\t<div class=\"elementor-element elementor-element-affed36 elementor-widget elementor-widget-text-editor\" data-id=\"affed36\" data-element_type=\"widget\" data-e-type=\"widget\" data-widget_type=\"text-editor.default\">\n\t\t\t\t<div class=\"elementor-widget-container\">\n\t\t\t\t\t\t\t\t\t<p data-start=\"110\" data-end=\"158\"><strong data-start=\"110\" data-end=\"158\">POL\u00cdTICA DE PRIVACIDAD Y PROTECCI\u00d3N DE DATOS<\/strong><\/p><p data-start=\"160\" data-end=\"514\"><strong data-start=\"160\" data-end=\"183\">Maderas Ocampo S.A.<\/strong> (en adelante, la \u00abEmpresa\u00bb), con NIF <strong data-start=\"221\" data-end=\"234\">A32028268<\/strong> y domicilio en <strong data-start=\"250\" data-end=\"346\">Parque Empresarial de Pereiro de Aguiar, Vial principal 4, 32710 Pereiro de Aguiar (Ourense)<\/strong>, es responsable del tratamiento de los datos personales proporcionados por los usuarios a trav\u00e9s del sitio web <strong data-start=\"458\" data-end=\"483\"><a target=\"_new\" rel=\"noopener\" data-start=\"460\" data-end=\"481\">www.maderasocampo.com<\/a><\/strong> (en adelante, el \u00abSitio Web\u00bb).<\/p><p data-start=\"516\" data-end=\"908\">A continuaci\u00f3n, le informamos sobre c\u00f3mo recopilamos, utilizamos, protegemos y gestionamos sus datos personales de conformidad con la legislaci\u00f3n vigente en materia de protecci\u00f3n de datos, y en particular con el Reglamento (UE) 2016\/679, General de Protecci\u00f3n de Datos (RGPD) y la Ley Org\u00e1nica 3\/2018, de 5 de diciembre, de Protecci\u00f3n de Datos Personales y garant\u00eda de los derechos digitales.<\/p><hr data-start=\"910\" data-end=\"913\" \/><h3 data-start=\"915\" data-end=\"966\"><strong data-start=\"919\" data-end=\"966\">1. RESPONSABLE DEL TRATAMIENTO DE LOS DATOS<\/strong><\/h3><p data-start=\"968\" data-end=\"1026\">El responsable del tratamiento de los datos personales es:<\/p><p data-start=\"1028\" data-end=\"1257\"><strong data-start=\"1028\" data-end=\"1051\">Maderas Ocampo S.A.<\/strong><br data-start=\"1051\" data-end=\"1054\" \/>NIF: A32028268<br data-start=\"1068\" data-end=\"1071\" \/>Direcci\u00f3n: <strong data-start=\"1082\" data-end=\"1178\">Parque Empresarial de Pereiro de Aguiar, Vial principal 4, 32710 Pereiro de Aguiar (Ourense)<\/strong><br data-start=\"1178\" data-end=\"1181\" \/>Correo electr\u00f3nico: <strong data-start=\"1201\" data-end=\"1229\"><a rel=\"noopener\" data-start=\"1203\" data-end=\"1227\">maderasocamposa@yahoo.es<\/a><\/strong><br data-start=\"1229\" data-end=\"1232\" \/>Tel\u00e9fono: <strong data-start=\"1242\" data-end=\"1257\">988 259 425<\/strong><\/p><hr data-start=\"1259\" data-end=\"1262\" \/><h3 data-start=\"1264\" data-end=\"1326\"><strong data-start=\"1268\" data-end=\"1326\">2. DATOS QUE RECOPILAMOS Y FINALIDADES DEL TRATAMIENTO<\/strong><\/h3><p data-start=\"1328\" data-end=\"1389\">La Empresa recopila los siguientes tipos de datos personales:<\/p><h4 data-start=\"1391\" data-end=\"1439\"><strong data-start=\"1396\" data-end=\"1439\">2.1. Datos de identificaci\u00f3n y contacto<\/strong><\/h4><ul data-start=\"1440\" data-end=\"1515\"><li data-start=\"1440\" data-end=\"1460\">Nombre y apellidos<\/li><li data-start=\"1461\" data-end=\"1494\">Direcci\u00f3n de correo electr\u00f3nico<\/li><li data-start=\"1495\" data-end=\"1515\">N\u00famero de tel\u00e9fono<\/li><\/ul><p data-start=\"1517\" data-end=\"1741\">Estos datos son recopilados cuando el usuario se pone en contacto con la Empresa a trav\u00e9s de los formularios del Sitio Web o a trav\u00e9s del correo electr\u00f3nico, para gestionar consultas, solicitudes o peticiones de informaci\u00f3n.<\/p><h4 data-start=\"1743\" data-end=\"1776\"><strong data-start=\"1748\" data-end=\"1776\">2.2. Datos de navegaci\u00f3n<\/strong><\/h4><ul data-start=\"1777\" data-end=\"1855\"><li data-start=\"1777\" data-end=\"1791\">Direcci\u00f3n IP<\/li><li data-start=\"1792\" data-end=\"1811\">Tipo de navegador<\/li><li data-start=\"1812\" data-end=\"1855\">P\u00e1ginas visitadas y tiempo de permanencia<\/li><\/ul><p data-start=\"1857\" data-end=\"2028\">Estos datos se recogen con el fin de analizar la interacci\u00f3n de los usuarios con el Sitio Web y mejorar su funcionamiento, asegurando una experiencia de navegaci\u00f3n \u00f3ptima.<\/p><h4 data-start=\"2030\" data-end=\"2071\"><strong data-start=\"2035\" data-end=\"2071\">2.3. Finalidades del tratamiento<\/strong><\/h4><p data-start=\"2072\" data-end=\"2147\">Los datos personales que recopilamos se utilizan para los siguientes fines:<\/p><ul data-start=\"2149\" data-end=\"2735\"><li data-start=\"2149\" data-end=\"2307\"><strong data-start=\"2151\" data-end=\"2190\">Gesti\u00f3n de consultas y solicitudes:<\/strong> Atender y responder a las preguntas o solicitudes enviadas a trav\u00e9s del formulario de contacto o correo electr\u00f3nico.<\/li><li data-start=\"2308\" data-end=\"2448\"><strong data-start=\"2310\" data-end=\"2345\">Gesti\u00f3n de pedidos y servicios:<\/strong> Gestionar la venta de productos, env\u00edo de pedidos o cualquier otro servicio contratado por el usuario.<\/li><li data-start=\"2449\" data-end=\"2568\"><strong data-start=\"2451\" data-end=\"2477\">Mejoras del Sitio Web:<\/strong> Analizar la interacci\u00f3n de los usuarios con el Sitio Web para optimizar su funcionamiento.<\/li><li data-start=\"2569\" data-end=\"2735\"><strong data-start=\"2571\" data-end=\"2611\">Env\u00edo de comunicaciones comerciales:<\/strong> Con su consentimiento, le enviaremos informaci\u00f3n sobre productos, promociones y novedades relacionadas con nuestra empresa.<\/li><\/ul><hr data-start=\"2737\" data-end=\"2740\" \/><h3 data-start=\"2742\" data-end=\"2798\"><strong data-start=\"2746\" data-end=\"2798\">3. LEGITIMACI\u00d3N PARA EL TRATAMIENTO DE LOS DATOS<\/strong><\/h3><p data-start=\"2800\" data-end=\"2861\">La base legal para el tratamiento de los datos personales es:<\/p><ul data-start=\"2863\" data-end=\"3300\"><li data-start=\"2863\" data-end=\"3064\"><strong data-start=\"2865\" data-end=\"2899\">Consentimiento del interesado:<\/strong> Cuando el usuario proporciona sus datos a trav\u00e9s de los formularios de contacto, realiza consultas, solicita informaci\u00f3n o se suscribe a comunicaciones comerciales.<\/li><li data-start=\"3065\" data-end=\"3181\"><strong data-start=\"3067\" data-end=\"3114\">Cumplimiento de una obligaci\u00f3n contractual:<\/strong> Para la gesti\u00f3n de pedidos y servicios solicitados por el usuario.<\/li><li data-start=\"3182\" data-end=\"3300\"><strong data-start=\"3184\" data-end=\"3205\">Inter\u00e9s leg\u00edtimo:<\/strong> Para garantizar el funcionamiento t\u00e9cnico y mejorar la experiencia de usuario en el Sitio Web.<\/li><\/ul><hr data-start=\"3302\" data-end=\"3305\" \/><h3 data-start=\"3307\" data-end=\"3344\"><strong data-start=\"3311\" data-end=\"3344\">4. DESTINATARIOS DE LOS DATOS<\/strong><\/h3><p data-start=\"3346\" data-end=\"3432\">Los datos personales no ser\u00e1n compartidos con terceros, salvo en los siguientes casos:<\/p><ul data-start=\"3434\" data-end=\"3721\"><li data-start=\"3434\" data-end=\"3508\">Cuando sea necesario para cumplir con obligaciones legales o judiciales.<\/li><li data-start=\"3509\" data-end=\"3721\">Con proveedores de servicios que act\u00faan como encargados del tratamiento bajo nuestra supervisi\u00f3n y que nos ayudan a realizar servicios como el alojamiento web, el an\u00e1lisis de datos o el env\u00edo de comunicaciones.<\/li><\/ul><hr data-start=\"3723\" data-end=\"3726\" \/><h3 data-start=\"3728\" data-end=\"3764\"><strong data-start=\"3732\" data-end=\"3764\">5. CONSERVACI\u00d3N DE LOS DATOS<\/strong><\/h3><p data-start=\"3766\" data-end=\"4101\">Los datos personales se conservar\u00e1n durante el tiempo necesario para cumplir con las finalidades para las que fueron recopilados, o mientras exista una obligaci\u00f3n legal que nos obligue a mantenerlos. En caso de que los datos sean utilizados para comunicaciones comerciales, se conservar\u00e1n hasta que el usuario retire su consentimiento.<\/p><hr data-start=\"4103\" data-end=\"4106\" \/><h3 data-start=\"4108\" data-end=\"4143\"><strong data-start=\"4112\" data-end=\"4143\">6. DERECHOS DE LOS USUARIOS<\/strong><\/h3><p data-start=\"4145\" data-end=\"4231\">El usuario puede ejercer los siguientes derechos en relaci\u00f3n con sus datos personales:<\/p><ul data-start=\"4233\" data-end=\"4839\"><li data-start=\"4233\" data-end=\"4309\"><strong data-start=\"4235\" data-end=\"4246\">Acceso:<\/strong> Solicitar informaci\u00f3n sobre los datos personales que tratamos.<\/li><li data-start=\"4310\" data-end=\"4383\"><strong data-start=\"4312\" data-end=\"4330\">Rectificaci\u00f3n:<\/strong> Corregir datos personales incorrectos o incompletos.<\/li><li data-start=\"4384\" data-end=\"4532\"><strong data-start=\"4386\" data-end=\"4400\">Supresi\u00f3n:<\/strong> Solicitar la eliminaci\u00f3n de sus datos personales cuando ya no sean necesarios para las finalidades para las que fueron recopilados.<\/li><li data-start=\"4533\" data-end=\"4617\"><strong data-start=\"4535\" data-end=\"4549\">Oposici\u00f3n:<\/strong> Oponerse al tratamiento de sus datos para determinadas finalidades.<\/li><li data-start=\"4618\" data-end=\"4714\"><strong data-start=\"4620\" data-end=\"4651\">Limitaci\u00f3n del tratamiento:<\/strong> Restringir el uso de sus datos en determinadas circunstancias.<\/li><li data-start=\"4715\" data-end=\"4839\"><strong data-start=\"4717\" data-end=\"4734\">Portabilidad:<\/strong> Solicitar que sus datos sean transferidos a otro responsable del tratamiento en un formato estructurado.<\/li><\/ul><p data-start=\"4841\" data-end=\"5048\">Para ejercer estos derechos, puede enviar una solicitud por correo electr\u00f3nico a <strong data-start=\"4922\" data-end=\"4950\"><a rel=\"noopener\" data-start=\"4924\" data-end=\"4948\">maderasocamposa@yahoo.es<\/a><\/strong>. En su solicitud debe incluir una copia de su documento de identidad para verificar su identidad.<\/p><hr data-start=\"5050\" data-end=\"5053\" \/><h3 data-start=\"5055\" data-end=\"5088\"><strong data-start=\"5059\" data-end=\"5088\">7. SEGURIDAD DE LOS DATOS<\/strong><\/h3><p data-start=\"5090\" data-end=\"5400\">La Empresa adopta las medidas t\u00e9cnicas y organizativas necesarias para garantizar la seguridad de los datos personales y protegerlos contra el acceso no autorizado, la alteraci\u00f3n, divulgaci\u00f3n o destrucci\u00f3n. No obstante, debido a la naturaleza abierta de Internet, no se puede garantizar una seguridad absoluta.<\/p><hr data-start=\"5402\" data-end=\"5405\" \/><h3 data-start=\"5407\" data-end=\"5454\"><strong data-start=\"5411\" data-end=\"5454\">8. CAMBIOS EN LA POL\u00cdTICA DE PRIVACIDAD<\/strong><\/h3><p data-start=\"5456\" data-end=\"5748\"><strong data-start=\"5456\" data-end=\"5479\">Maderas Ocampo S.A.<\/strong> se reserva el derecho de modificar esta Pol\u00edtica de Privacidad para adaptarla a cambios legislativos, normativos o por la propia evoluci\u00f3n de nuestros servicios. Cualquier modificaci\u00f3n ser\u00e1 publicada en esta misma p\u00e1gina, indicando la fecha de la \u00faltima actualizaci\u00f3n.<\/p><p data-start=\"5750\" data-end=\"5792\"><strong data-start=\"5750\" data-end=\"5784\">Fecha de \u00faltima actualizaci\u00f3n:<\/strong>\u00a010 de febrero 2025<\/p><hr data-start=\"5794\" data-end=\"5797\" \/><p data-start=\"5799\" data-end=\"5963\">Si tiene alguna pregunta o desea m\u00e1s informaci\u00f3n sobre esta Pol\u00edtica de Privacidad, puede ponerse en contacto con nosotros a trav\u00e9s de <strong data-start=\"5934\" data-end=\"5962\"><a rel=\"noopener\" data-start=\"5936\" data-end=\"5960\">maderasocamposa@yahoo.es<\/a><\/strong>.<\/p><hr data-start=\"5965\" data-end=\"5969\" \/>\t\t\t\t\t\t\t\t<\/div>\n\t\t\t\t<\/div>\n\t\t\t\t\t<\/div>\n\t\t\t\t<\/div>\n\t\t\t\t<\/div>\n\t\t","protected":false},"excerpt":{"rendered":"<p>POL\u00cdTICA DE PRIVACIDAD Y PROTECCI\u00d3N DE DATOS Maderas Ocampo S.A. (en adelante, la \u00abEmpresa\u00bb), con NIF A32028268 y domicilio en Parque Empresarial de Pereiro de Aguiar, Vial principal 4, 32710 Pereiro de Aguiar (Ourense), es responsable del tratamiento de los datos personales proporcionados por los usuarios a trav\u00e9s del sitio web www.maderasocampo.com (en adelante, el [&hellip;]<\/p>\n","protected":false},"author":1,"featured_media":0,"parent":0,"menu_order":0,"comment_status":"closed","ping_status":"closed","template":"","meta":{"footnotes":""},"class_list":["post-587","page","type-page","status-publish","hentry"],"yoast_head":"<!-- This site is optimized with the Yoast SEO plugin v27.4 - https:\/\/yoast.com\/product\/yoast-seo-wordpress\/ -->\n<title>Pol\u00edtica de privacidad y protecci\u00f3n de datos | Maderas Ocampo<\/title>\n<meta name=\"description\" content=\"Consulta la pol\u00edtica de privacidad y protecci\u00f3n de datos de Maderas Ocampo. Protegemos tu informaci\u00f3n personal y cumplimos con la normativa vigente.\" \/>\n<meta name=\"robots\" content=\"index, follow, max-snippet:-1, max-image-preview:large, max-video-preview:-1\" \/>\n<link rel=\"canonical\" href=\"https:\/\/www.maderasocampo.net\/index.php\/politica-de-privacidad-y-proteccion-de-datos\/\" \/>\n<meta property=\"og:locale\" content=\"es_ES\" \/>\n<meta property=\"og:type\" content=\"article\" \/>\n<meta property=\"og:title\" content=\"Pol\u00edtica de privacidad y protecci\u00f3n de datos | Maderas Ocampo\" \/>\n<meta property=\"og:description\" content=\"Consulta la pol\u00edtica de privacidad y protecci\u00f3n de datos de Maderas Ocampo. Protegemos tu informaci\u00f3n personal y cumplimos con la normativa vigente.\" \/>\n<meta property=\"og:url\" content=\"https:\/\/www.maderasocampo.net\/index.php\/politica-de-privacidad-y-proteccion-de-datos\/\" \/>\n<meta property=\"article:modified_time\" content=\"2025-03-21T11:17:06+00:00\" \/>\n<meta name=\"twitter:card\" content=\"summary_large_image\" \/>\n<meta name=\"twitter:label1\" content=\"Tiempo de lectura\" \/>\n\t<meta name=\"twitter:data1\" content=\"4 minutos\" \/>\n<script type=\"application\/ld+json\" class=\"yoast-schema-graph\">{\"@context\":\"https:\\\/\\\/schema.org\",\"@graph\":[{\"@type\":\"WebPage\",\"@id\":\"https:\\\/\\\/www.maderasocampo.net\\\/index.php\\\/politica-de-privacidad-y-proteccion-de-datos\\\/\",\"url\":\"https:\\\/\\\/www.maderasocampo.net\\\/index.php\\\/politica-de-privacidad-y-proteccion-de-datos\\\/\",\"name\":\"Pol\u00edtica de privacidad y protecci\u00f3n de datos | Maderas Ocampo\",\"isPartOf\":{\"@id\":\"https:\\\/\\\/www.maderasocampo.net\\\/#website\"},\"datePublished\":\"2025-01-08T17:45:39+00:00\",\"dateModified\":\"2025-03-21T11:17:06+00:00\",\"description\":\"Consulta la pol\u00edtica de privacidad y protecci\u00f3n de datos de Maderas Ocampo. Protegemos tu informaci\u00f3n personal y cumplimos con la normativa vigente.\",\"breadcrumb\":{\"@id\":\"https:\\\/\\\/www.maderasocampo.net\\\/index.php\\\/politica-de-privacidad-y-proteccion-de-datos\\\/#breadcrumb\"},\"inLanguage\":\"es\",\"potentialAction\":[{\"@type\":\"ReadAction\",\"target\":[\"https:\\\/\\\/www.maderasocampo.net\\\/index.php\\\/politica-de-privacidad-y-proteccion-de-datos\\\/\"]}]},{\"@type\":\"BreadcrumbList\",\"@id\":\"https:\\\/\\\/www.maderasocampo.net\\\/index.php\\\/politica-de-privacidad-y-proteccion-de-datos\\\/#breadcrumb\",\"itemListElement\":[{\"@type\":\"ListItem\",\"position\":1,\"name\":\"Portada\",\"item\":\"https:\\\/\\\/www.maderasocampo.net\\\/\"},{\"@type\":\"ListItem\",\"position\":2,\"name\":\"Pol\u00edtica de privacidad y protecci\u00f3n de datos\"}]},{\"@type\":\"WebSite\",\"@id\":\"https:\\\/\\\/www.maderasocampo.net\\\/#website\",\"url\":\"https:\\\/\\\/www.maderasocampo.net\\\/\",\"name\":\"\",\"description\":\"S\u00f3lo otro sitio de WordPress\",\"potentialAction\":[{\"@type\":\"SearchAction\",\"target\":{\"@type\":\"EntryPoint\",\"urlTemplate\":\"https:\\\/\\\/www.maderasocampo.net\\\/?s={search_term_string}\"},\"query-input\":{\"@type\":\"PropertyValueSpecification\",\"valueRequired\":true,\"valueName\":\"search_term_string\"}}],\"inLanguage\":\"es\"}]}<\/script>\n<!-- \/ Yoast SEO plugin. -->","yoast_head_json":{"title":"Pol\u00edtica de privacidad y protecci\u00f3n de datos | Maderas Ocampo","description":"Consulta la pol\u00edtica de privacidad y protecci\u00f3n de datos de Maderas Ocampo. Protegemos tu informaci\u00f3n personal y cumplimos con la normativa vigente.","robots":{"index":"index","follow":"follow","max-snippet":"max-snippet:-1","max-image-preview":"max-image-preview:large","max-video-preview":"max-video-preview:-1"},"canonical":"https:\/\/www.maderasocampo.net\/index.php\/politica-de-privacidad-y-proteccion-de-datos\/","og_locale":"es_ES","og_type":"article","og_title":"Pol\u00edtica de privacidad y protecci\u00f3n de datos | Maderas Ocampo","og_description":"Consulta la pol\u00edtica de privacidad y protecci\u00f3n de datos de Maderas Ocampo. Protegemos tu informaci\u00f3n personal y cumplimos con la normativa vigente.","og_url":"https:\/\/www.maderasocampo.net\/index.php\/politica-de-privacidad-y-proteccion-de-datos\/","article_modified_time":"2025-03-21T11:17:06+00:00","twitter_card":"summary_large_image","twitter_misc":{"Tiempo de lectura":"4 minutos"},"schema":{"@context":"https:\/\/schema.org","@graph":[{"@type":"WebPage","@id":"https:\/\/www.maderasocampo.net\/index.php\/politica-de-privacidad-y-proteccion-de-datos\/","url":"https:\/\/www.maderasocampo.net\/index.php\/politica-de-privacidad-y-proteccion-de-datos\/","name":"Pol\u00edtica de privacidad y protecci\u00f3n de datos | Maderas Ocampo","isPartOf":{"@id":"https:\/\/www.maderasocampo.net\/#website"},"datePublished":"2025-01-08T17:45:39+00:00","dateModified":"2025-03-21T11:17:06+00:00","description":"Consulta la pol\u00edtica de privacidad y protecci\u00f3n de datos de Maderas Ocampo. Protegemos tu informaci\u00f3n personal y cumplimos con la normativa vigente.","breadcrumb":{"@id":"https:\/\/www.maderasocampo.net\/index.php\/politica-de-privacidad-y-proteccion-de-datos\/#breadcrumb"},"inLanguage":"es","potentialAction":[{"@type":"ReadAction","target":["https:\/\/www.maderasocampo.net\/index.php\/politica-de-privacidad-y-proteccion-de-datos\/"]}]},{"@type":"BreadcrumbList","@id":"https:\/\/www.maderasocampo.net\/index.php\/politica-de-privacidad-y-proteccion-de-datos\/#breadcrumb","itemListElement":[{"@type":"ListItem","position":1,"name":"Portada","item":"https:\/\/www.maderasocampo.net\/"},{"@type":"ListItem","position":2,"name":"Pol\u00edtica de privacidad y protecci\u00f3n de datos"}]},{"@type":"WebSite","@id":"https:\/\/www.maderasocampo.net\/#website","url":"https:\/\/www.maderasocampo.net\/","name":"","description":"S\u00f3lo otro sitio de WordPress","potentialAction":[{"@type":"SearchAction","target":{"@type":"EntryPoint","urlTemplate":"https:\/\/www.maderasocampo.net\/?s={search_term_string}"},"query-input":{"@type":"PropertyValueSpecification","valueRequired":true,"valueName":"search_term_string"}}],"inLanguage":"es"}]}},"_links":{"self":[{"href":"https:\/\/www.maderasocampo.net\/index.php\/wp-json\/wp\/v2\/pages\/587","targetHints":{"allow":["GET"]}}],"collection":[{"href":"https:\/\/www.maderasocampo.net\/index.php\/wp-json\/wp\/v2\/pages"}],"about":[{"href":"https:\/\/www.maderasocampo.net\/index.php\/wp-json\/wp\/v2\/types\/page"}],"author":[{"embeddable":true,"href":"https:\/\/www.maderasocampo.net\/index.php\/wp-json\/wp\/v2\/users\/1"}],"replies":[{"embeddable":true,"href":"https:\/\/www.maderasocampo.net\/index.php\/wp-json\/wp\/v2\/comments?post=587"}],"version-history":[{"count":19,"href":"https:\/\/www.maderasocampo.net\/index.php\/wp-json\/wp\/v2\/pages\/587\/revisions"}],"predecessor-version":[{"id":1424,"href":"https:\/\/www.maderasocampo.net\/index.php\/wp-json\/wp\/v2\/pages\/587\/revisions\/1424"}],"wp:attachment":[{"href":"https:\/\/www.maderasocampo.net\/index.php\/wp-json\/wp\/v2\/media?parent=587"}],"curies":[{"name":"wp","href":"https:\/\/api.w.org\/{rel}","templated":true}]}}